{"id":1422,"date":"2020-12-18T07:15:46","date_gmt":"2020-12-18T10:15:46","guid":{"rendered":"http:\/\/faqfestival.com.ar\/?page_id=1422"},"modified":"2021-02-15T09:50:09","modified_gmt":"2021-02-15T12:50:09","slug":"concurso","status":"publish","type":"page","link":"http:\/\/faqfestival.com.ar\/2020\/concurso\/","title":{"rendered":"concurso"},"content":{"rendered":"\t\t<div data-elementor-type=\"wp-page\" data-elementor-id=\"1422\" class=\"elementor elementor-1422\" data-elementor-settings=\"[]\">\n\t\t\t\t\t\t<div class=\"elementor-inner\">\n\t\t\t\t\t\t\t<div class=\"elementor-section-wrap\">\n\t\t\t\t\t\t\t<section class=\"elementor-section elementor-top-section elementor-element elementor-element-92e9fdd elementor-section-boxed elementor-section-height-default elementor-section-height-default\" data-id=\"92e9fdd\" data-element_type=\"section\">\n\t\t\t\t\t\t<div class=\"elementor-container elementor-column-gap-default\">\n\t\t\t\t\t\t\t<div class=\"elementor-row\">\n\t\t\t\t\t<div class=\"elementor-column elementor-col-100 elementor-top-column elementor-element elementor-element-f6c1dff\" data-id=\"f6c1dff\" data-element_type=\"column\">\n\t\t\t<div class=\"elementor-column-wrap elementor-element-populated\">\n\t\t\t\t\t\t\t<div class=\"elementor-widget-wrap\">\n\t\t\t\t\t\t<section class=\"elementor-section elementor-inner-section elementor-element elementor-element-ffdb173 elementor-section-content-middle elementor-section-boxed elementor-section-height-default elementor-section-height-default\" data-id=\"ffdb173\" data-element_type=\"section\">\n\t\t\t\t\t\t<div class=\"elementor-container elementor-column-gap-default\">\n\t\t\t\t\t\t\t<div class=\"elementor-row\">\n\t\t\t\t\t<div class=\"elementor-column elementor-col-50 elementor-inner-column elementor-element elementor-element-db4601a\" data-id=\"db4601a\" data-element_type=\"column\">\n\t\t\t<div class=\"elementor-column-wrap elementor-element-populated\">\n\t\t\t\t\t\t\t<div class=\"elementor-widget-wrap\">\n\t\t\t\t\t\t<div class=\"elementor-element elementor-element-5e816fb elementor-widget elementor-widget-heading\" data-id=\"5e816fb\" data-element_type=\"widget\" data-widget_type=\"heading.default\">\n\t\t\t\t<div class=\"elementor-widget-container\">\n\t\t\t<h2 class=\"elementor-heading-title elementor-size-default\">Concurso de fotograf\u00eda<\/h2>\t\t<\/div>\n\t\t\t\t<\/div>\n\t\t\t\t<div class=\"elementor-element elementor-element-234ccd4 elementor-widget elementor-widget-heading\" data-id=\"234ccd4\" data-element_type=\"widget\" data-widget_type=\"heading.default\">\n\t\t\t\t<div class=\"elementor-widget-container\">\n\t\t\t<h1 class=\"elementor-heading-title elementor-size-default\"><span class=\"fantasia\"> \u201cMUNDO QUEER\u201d<\/span><\/h1>\t\t<\/div>\n\t\t\t\t<\/div>\n\t\t\t\t<div class=\"elementor-element elementor-element-0c2271d elementor-widget elementor-widget-heading\" data-id=\"0c2271d\" data-element_type=\"widget\" data-widget_type=\"heading.default\">\n\t\t\t\t<div class=\"elementor-widget-container\">\n\t\t\t<h2 class=\"elementor-heading-title elementor-size-default\"> sobre diversidad sexual e identidades de g\u00e9nero.\u200b<\/h2>\t\t<\/div>\n\t\t\t\t<\/div>\n\t\t\t\t\t\t<\/div>\n\t\t\t\t\t<\/div>\n\t\t<\/div>\n\t\t\t\t<div class=\"elementor-column elementor-col-50 elementor-inner-column elementor-element elementor-element-3185b62 elementor-hidden-desktop elementor-hidden-tablet elementor-hidden-phone\" data-id=\"3185b62\" data-element_type=\"column\">\n\t\t\t<div class=\"elementor-column-wrap elementor-element-populated\">\n\t\t\t\t\t\t\t<div class=\"elementor-widget-wrap\">\n\t\t\t\t\t\t<div class=\"elementor-element elementor-element-39504fe elementor-align-right elementor-widget elementor-widget-button\" data-id=\"39504fe\" data-element_type=\"widget\" data-widget_type=\"button.default\">\n\t\t\t\t<div class=\"elementor-widget-container\">\n\t\t\t\t\t<div class=\"elementor-button-wrapper\">\n\t\t\t<a href=\"http:\/\/tiny.cc\/78h7tz\" target=\"_blank\" class=\"elementor-button-link elementor-button elementor-size-sm\" role=\"button\">\n\t\t\t\t\t\t<span class=\"elementor-button-content-wrapper\">\n\t\t\t\t\t\t<span class=\"elementor-button-text\">INSCRIBITE AC\u00c1<\/span>\n\t\t<\/span>\n\t\t\t\t\t<\/a>\n\t\t<\/div>\n\t\t\t\t<\/div>\n\t\t\t\t<\/div>\n\t\t\t\t<div class=\"elementor-element elementor-element-0e152f4 elementor-align-right elementor-widget elementor-widget-button\" data-id=\"0e152f4\" data-element_type=\"widget\" data-widget_type=\"button.default\">\n\t\t\t\t<div class=\"elementor-widget-container\">\n\t\t\t\t\t<div class=\"elementor-button-wrapper\">\n\t\t\t<a href=\"http:\/\/faqfestival.com.ar\/wp-content\/uploads\/2021\/01\/bases-concurso-foto-FAQ.pdf\" target=\"_blank\" class=\"elementor-button-link elementor-button elementor-size-sm\" role=\"button\">\n\t\t\t\t\t\t<span class=\"elementor-button-content-wrapper\">\n\t\t\t\t\t\t<span class=\"elementor-button-text\">Ver bases y condiciones<\/span>\n\t\t<\/span>\n\t\t\t\t\t<\/a>\n\t\t<\/div>\n\t\t\t\t<\/div>\n\t\t\t\t<\/div>\n\t\t\t\t\t\t<\/div>\n\t\t\t\t\t<\/div>\n\t\t<\/div>\n\t\t\t\t\t\t\t\t<\/div>\n\t\t\t\t\t<\/div>\n\t\t<\/section>\n\t\t\t\t<div class=\"elementor-element elementor-element-86187a9 elementor-widget-divider--view-line elementor-widget elementor-widget-divider\" data-id=\"86187a9\" data-element_type=\"widget\" data-widget_type=\"divider.default\">\n\t\t\t\t<div class=\"elementor-widget-container\">\n\t\t\t\t\t<div class=\"elementor-divider\">\n\t\t\t<span class=\"elementor-divider-separator\">\n\t\t\t\t\t\t<\/span>\n\t\t<\/div>\n\t\t\t\t<\/div>\n\t\t\t\t<\/div>\n\t\t\t\t\t\t<\/div>\n\t\t\t\t\t<\/div>\n\t\t<\/div>\n\t\t\t\t\t\t\t\t<\/div>\n\t\t\t\t\t<\/div>\n\t\t<\/section>\n\t\t\t\t<section class=\"elementor-section elementor-top-section elementor-element elementor-element-e148656 elementor-section-boxed elementor-section-height-default elementor-section-height-default\" data-id=\"e148656\" data-element_type=\"section\">\n\t\t\t\t\t\t<div class=\"elementor-container elementor-column-gap-default\">\n\t\t\t\t\t\t\t<div class=\"elementor-row\">\n\t\t\t\t\t<div class=\"elementor-column elementor-col-100 elementor-top-column elementor-element elementor-element-9fcd5fd\" data-id=\"9fcd5fd\" data-element_type=\"column\">\n\t\t\t<div class=\"elementor-column-wrap elementor-element-populated\">\n\t\t\t\t\t\t\t<div class=\"elementor-widget-wrap\">\n\t\t\t\t\t\t<section class=\"elementor-section elementor-inner-section elementor-element elementor-element-d19ed75 elementor-section-boxed elementor-section-height-default elementor-section-height-default\" data-id=\"d19ed75\" data-element_type=\"section\">\n\t\t\t\t\t\t<div class=\"elementor-container elementor-column-gap-default\">\n\t\t\t\t\t\t\t<div class=\"elementor-row\">\n\t\t\t\t\t<div class=\"elementor-column elementor-col-50 elementor-inner-column elementor-element elementor-element-17cd917\" data-id=\"17cd917\" data-element_type=\"column\">\n\t\t\t<div class=\"elementor-column-wrap elementor-element-populated\">\n\t\t\t\t\t\t\t<div class=\"elementor-widget-wrap\">\n\t\t\t\t\t\t<div class=\"elementor-element elementor-element-e6f8b31 elementor-widget elementor-widget-heading\" data-id=\"e6f8b31\" data-element_type=\"widget\" data-widget_type=\"heading.default\">\n\t\t\t\t<div class=\"elementor-widget-container\">\n\t\t\t<h2 class=\"elementor-heading-title elementor-size-default\"><span class=\"fantasia\">GANADORES<\/span><\/h2>\t\t<\/div>\n\t\t\t\t<\/div>\n\t\t\t\t\t\t<\/div>\n\t\t\t\t\t<\/div>\n\t\t<\/div>\n\t\t\t\t<div class=\"elementor-column elementor-col-50 elementor-inner-column elementor-element elementor-element-7be35a6\" data-id=\"7be35a6\" data-element_type=\"column\">\n\t\t\t<div class=\"elementor-column-wrap\">\n\t\t\t\t\t\t\t<div class=\"elementor-widget-wrap\">\n\t\t\t\t\t\t\t\t<\/div>\n\t\t\t\t\t<\/div>\n\t\t<\/div>\n\t\t\t\t\t\t\t\t<\/div>\n\t\t\t\t\t<\/div>\n\t\t<\/section>\n\t\t\t\t<section class=\"elementor-section elementor-inner-section elementor-element elementor-element-a1e9b8a elementor-section-boxed elementor-section-height-default elementor-section-height-default\" data-id=\"a1e9b8a\" data-element_type=\"section\">\n\t\t\t\t\t\t<div class=\"elementor-container elementor-column-gap-default\">\n\t\t\t\t\t\t\t<div class=\"elementor-row\">\n\t\t\t\t\t<div class=\"elementor-column elementor-col-33 elementor-inner-column elementor-element elementor-element-65b3f64\" data-id=\"65b3f64\" data-element_type=\"column\">\n\t\t\t<div class=\"elementor-column-wrap elementor-element-populated\">\n\t\t\t\t\t\t\t<div class=\"elementor-widget-wrap\">\n\t\t\t\t\t\t<div class=\"elementor-element elementor-element-d633a32 elementor-widget-divider--view-line elementor-widget elementor-widget-divider\" data-id=\"d633a32\" data-element_type=\"widget\" data-widget_type=\"divider.default\">\n\t\t\t\t<div class=\"elementor-widget-container\">\n\t\t\t\t\t<div class=\"elementor-divider\">\n\t\t\t<span class=\"elementor-divider-separator\">\n\t\t\t\t\t\t<\/span>\n\t\t<\/div>\n\t\t\t\t<\/div>\n\t\t\t\t<\/div>\n\t\t\t\t<div class=\"elementor-element elementor-element-43b3434 elementor-widget elementor-widget-text-editor\" data-id=\"43b3434\" data-element_type=\"widget\" data-widget_type=\"text-editor.default\">\n\t\t\t\t<div class=\"elementor-widget-container\">\n\t\t\t\t\t<div class=\"elementor-text-editor elementor-clearfix\"><p><b>Mastectom\u00eda digital<\/b><br \/>Cairo Elio<\/p><\/div>\n\t\t\t\t<\/div>\n\t\t\t\t<\/div>\n\t\t\t\t<div class=\"elementor-element elementor-element-6b92639 elementor-widget elementor-widget-image\" data-id=\"6b92639\" data-element_type=\"widget\" data-widget_type=\"image.default\">\n\t\t\t\t<div class=\"elementor-widget-container\">\n\t\t\t\t\t<div class=\"elementor-image\">\n\t\t\t\t\t\t\t\t\t\t\t<a href=\"http:\/\/faqfestival.com.ar\/wp-content\/uploads\/2021\/02\/1-Cairo-Elio-Mastectomia-digital-scaled.jpg\" data-elementor-open-lightbox=\"yes\" data-elementor-lightbox-title=\"1 - Cairo Elio - Mastectom\u00eda digital\">\n\t\t\t\t\t\t\t<img width=\"800\" height=\"889\" src=\"http:\/\/faqfestival.com.ar\/2020\/wp-content\/uploads\/2021\/02\/1-Cairo-Elio-Mastectomia-digital-921x1024.jpg\" class=\"attachment-large size-large\" alt=\"\" loading=\"lazy\" srcset=\"http:\/\/faqfestival.com.ar\/2020\/wp-content\/uploads\/2021\/02\/1-Cairo-Elio-Mastectomia-digital-921x1024.jpg 921w, http:\/\/faqfestival.com.ar\/2020\/wp-content\/uploads\/2021\/02\/1-Cairo-Elio-Mastectomia-digital-270x300.jpg 270w, http:\/\/faqfestival.com.ar\/2020\/wp-content\/uploads\/2021\/02\/1-Cairo-Elio-Mastectomia-digital-768x854.jpg 768w, http:\/\/faqfestival.com.ar\/2020\/wp-content\/uploads\/2021\/02\/1-Cairo-Elio-Mastectomia-digital-1381x1536.jpg 1381w, http:\/\/faqfestival.com.ar\/2020\/wp-content\/uploads\/2021\/02\/1-Cairo-Elio-Mastectomia-digital-1841x2048.jpg 1841w\" sizes=\"(max-width: 800px) 100vw, 800px\" \/>\t\t\t\t\t\t\t\t<\/a>\n\t\t\t\t\t\t\t\t\t\t\t<\/div>\n\t\t\t\t<\/div>\n\t\t\t\t<\/div>\n\t\t\t\t\t\t<\/div>\n\t\t\t\t\t<\/div>\n\t\t<\/div>\n\t\t\t\t<div class=\"elementor-column elementor-col-33 elementor-inner-column elementor-element elementor-element-5eec64b\" data-id=\"5eec64b\" data-element_type=\"column\">\n\t\t\t<div class=\"elementor-column-wrap elementor-element-populated\">\n\t\t\t\t\t\t\t<div class=\"elementor-widget-wrap\">\n\t\t\t\t\t\t<div class=\"elementor-element elementor-element-9c43fe0 elementor-widget-divider--view-line elementor-widget elementor-widget-divider\" data-id=\"9c43fe0\" data-element_type=\"widget\" data-widget_type=\"divider.default\">\n\t\t\t\t<div class=\"elementor-widget-container\">\n\t\t\t\t\t<div class=\"elementor-divider\">\n\t\t\t<span class=\"elementor-divider-separator\">\n\t\t\t\t\t\t<\/span>\n\t\t<\/div>\n\t\t\t\t<\/div>\n\t\t\t\t<\/div>\n\t\t\t\t<div class=\"elementor-element elementor-element-002e2d8 elementor-widget elementor-widget-text-editor\" data-id=\"002e2d8\" data-element_type=\"widget\" data-widget_type=\"text-editor.default\">\n\t\t\t\t<div class=\"elementor-widget-container\">\n\t\t\t\t\t<div class=\"elementor-text-editor elementor-clearfix\"><p><b>Eimen y Majo<\/b><br \/>Desir\u00e9e De Stefano<\/p><\/div>\n\t\t\t\t<\/div>\n\t\t\t\t<\/div>\n\t\t\t\t<div class=\"elementor-element elementor-element-7f51e5c elementor-widget elementor-widget-image\" data-id=\"7f51e5c\" data-element_type=\"widget\" data-widget_type=\"image.default\">\n\t\t\t\t<div class=\"elementor-widget-container\">\n\t\t\t\t\t<div class=\"elementor-image\">\n\t\t\t\t\t\t\t\t\t\t\t<a href=\"http:\/\/faqfestival.com.ar\/wp-content\/uploads\/2021\/02\/2-Desiree-De-Stefano-Eimen-y-Majo-scaled.jpg\" data-elementor-open-lightbox=\"yes\" data-elementor-lightbox-title=\"2 - Desir\u00e9e De Stefano - Eimen y Majo\">\n\t\t\t\t\t\t\t<img width=\"685\" height=\"1024\" src=\"http:\/\/faqfestival.com.ar\/2020\/wp-content\/uploads\/2021\/02\/2-Desiree-De-Stefano-Eimen-y-Majo-685x1024.jpg\" class=\"attachment-large size-large\" alt=\"\" loading=\"lazy\" srcset=\"http:\/\/faqfestival.com.ar\/2020\/wp-content\/uploads\/2021\/02\/2-Desiree-De-Stefano-Eimen-y-Majo-685x1024.jpg 685w, http:\/\/faqfestival.com.ar\/2020\/wp-content\/uploads\/2021\/02\/2-Desiree-De-Stefano-Eimen-y-Majo-201x300.jpg 201w, http:\/\/faqfestival.com.ar\/2020\/wp-content\/uploads\/2021\/02\/2-Desiree-De-Stefano-Eimen-y-Majo-768x1148.jpg 768w, http:\/\/faqfestival.com.ar\/2020\/wp-content\/uploads\/2021\/02\/2-Desiree-De-Stefano-Eimen-y-Majo-1028x1536.jpg 1028w, http:\/\/faqfestival.com.ar\/2020\/wp-content\/uploads\/2021\/02\/2-Desiree-De-Stefano-Eimen-y-Majo-1370x2048.jpg 1370w, http:\/\/faqfestival.com.ar\/2020\/wp-content\/uploads\/2021\/02\/2-Desiree-De-Stefano-Eimen-y-Majo-scaled.jpg 1713w\" sizes=\"(max-width: 685px) 100vw, 685px\" \/>\t\t\t\t\t\t\t\t<\/a>\n\t\t\t\t\t\t\t\t\t\t\t<\/div>\n\t\t\t\t<\/div>\n\t\t\t\t<\/div>\n\t\t\t\t\t\t<\/div>\n\t\t\t\t\t<\/div>\n\t\t<\/div>\n\t\t\t\t<div class=\"elementor-column elementor-col-33 elementor-inner-column elementor-element elementor-element-e0ffcf4\" data-id=\"e0ffcf4\" data-element_type=\"column\">\n\t\t\t<div class=\"elementor-column-wrap elementor-element-populated\">\n\t\t\t\t\t\t\t<div class=\"elementor-widget-wrap\">\n\t\t\t\t\t\t<div class=\"elementor-element elementor-element-5934210 elementor-widget-divider--view-line elementor-widget elementor-widget-divider\" data-id=\"5934210\" data-element_type=\"widget\" data-widget_type=\"divider.default\">\n\t\t\t\t<div class=\"elementor-widget-container\">\n\t\t\t\t\t<div class=\"elementor-divider\">\n\t\t\t<span class=\"elementor-divider-separator\">\n\t\t\t\t\t\t<\/span>\n\t\t<\/div>\n\t\t\t\t<\/div>\n\t\t\t\t<\/div>\n\t\t\t\t<div class=\"elementor-element elementor-element-faae708 elementor-widget elementor-widget-text-editor\" data-id=\"faae708\" data-element_type=\"widget\" data-widget_type=\"text-editor.default\">\n\t\t\t\t<div class=\"elementor-widget-container\">\n\t\t\t\t\t<div class=\"elementor-text-editor elementor-clearfix\"><p><strong>Raquel<\/strong><br \/>Eugenia Azar\u00a0<\/p><\/div>\n\t\t\t\t<\/div>\n\t\t\t\t<\/div>\n\t\t\t\t<div class=\"elementor-element elementor-element-c3842ac elementor-widget elementor-widget-image\" data-id=\"c3842ac\" data-element_type=\"widget\" data-widget_type=\"image.default\">\n\t\t\t\t<div class=\"elementor-widget-container\">\n\t\t\t\t\t<div class=\"elementor-image\">\n\t\t\t\t\t\t\t\t\t\t\t<a href=\"http:\/\/faqfestival.com.ar\/wp-content\/uploads\/2021\/02\/3-Eugenia-Azar-Raquel-1-scaled.jpg\" data-elementor-open-lightbox=\"yes\" data-elementor-lightbox-title=\"3 - Eugenia Azar - Raquel\">\n\t\t\t\t\t\t\t<img width=\"800\" height=\"784\" src=\"http:\/\/faqfestival.com.ar\/2020\/wp-content\/uploads\/2021\/02\/3-Eugenia-Azar-Raquel-1-1024x1004.jpg\" class=\"attachment-large size-large\" alt=\"\" loading=\"lazy\" srcset=\"http:\/\/faqfestival.com.ar\/2020\/wp-content\/uploads\/2021\/02\/3-Eugenia-Azar-Raquel-1-1024x1004.jpg 1024w, http:\/\/faqfestival.com.ar\/2020\/wp-content\/uploads\/2021\/02\/3-Eugenia-Azar-Raquel-1-300x294.jpg 300w, http:\/\/faqfestival.com.ar\/2020\/wp-content\/uploads\/2021\/02\/3-Eugenia-Azar-Raquel-1-768x753.jpg 768w, http:\/\/faqfestival.com.ar\/2020\/wp-content\/uploads\/2021\/02\/3-Eugenia-Azar-Raquel-1-1536x1506.jpg 1536w, http:\/\/faqfestival.com.ar\/2020\/wp-content\/uploads\/2021\/02\/3-Eugenia-Azar-Raquel-1-2048x2008.jpg 2048w\" sizes=\"(max-width: 800px) 100vw, 800px\" \/>\t\t\t\t\t\t\t\t<\/a>\n\t\t\t\t\t\t\t\t\t\t\t<\/div>\n\t\t\t\t<\/div>\n\t\t\t\t<\/div>\n\t\t\t\t\t\t<\/div>\n\t\t\t\t\t<\/div>\n\t\t<\/div>\n\t\t\t\t\t\t\t\t<\/div>\n\t\t\t\t\t<\/div>\n\t\t<\/section>\n\t\t\t\t\t\t<\/div>\n\t\t\t\t\t<\/div>\n\t\t<\/div>\n\t\t\t\t\t\t\t\t<\/div>\n\t\t\t\t\t<\/div>\n\t\t<\/section>\n\t\t\t\t<section class=\"elementor-section elementor-top-section elementor-element elementor-element-18792bb elementor-section-boxed elementor-section-height-default elementor-section-height-default\" data-id=\"18792bb\" data-element_type=\"section\">\n\t\t\t\t\t\t<div class=\"elementor-container elementor-column-gap-default\">\n\t\t\t\t\t\t\t<div class=\"elementor-row\">\n\t\t\t\t\t<div class=\"elementor-column elementor-col-100 elementor-top-column elementor-element elementor-element-e547cfa\" data-id=\"e547cfa\" data-element_type=\"column\">\n\t\t\t<div class=\"elementor-column-wrap elementor-element-populated\">\n\t\t\t\t\t\t\t<div class=\"elementor-widget-wrap\">\n\t\t\t\t\t\t<section class=\"elementor-section elementor-inner-section elementor-element elementor-element-0d7035e elementor-section-boxed elementor-section-height-default elementor-section-height-default\" data-id=\"0d7035e\" data-element_type=\"section\">\n\t\t\t\t\t\t<div class=\"elementor-container elementor-column-gap-default\">\n\t\t\t\t\t\t\t<div class=\"elementor-row\">\n\t\t\t\t\t<div class=\"elementor-column elementor-col-50 elementor-inner-column elementor-element elementor-element-dcc5ea6\" data-id=\"dcc5ea6\" data-element_type=\"column\">\n\t\t\t<div class=\"elementor-column-wrap elementor-element-populated\">\n\t\t\t\t\t\t\t<div class=\"elementor-widget-wrap\">\n\t\t\t\t\t\t<div class=\"elementor-element elementor-element-e16f586 elementor-widget elementor-widget-heading\" data-id=\"e16f586\" data-element_type=\"widget\" data-widget_type=\"heading.default\">\n\t\t\t\t<div class=\"elementor-widget-container\">\n\t\t\t<h2 class=\"elementor-heading-title elementor-size-default\"><span class=\"fantasia\">MENCIONES ESPECIALES<\/span><\/h2>\t\t<\/div>\n\t\t\t\t<\/div>\n\t\t\t\t\t\t<\/div>\n\t\t\t\t\t<\/div>\n\t\t<\/div>\n\t\t\t\t<div class=\"elementor-column elementor-col-50 elementor-inner-column elementor-element elementor-element-f820f58\" data-id=\"f820f58\" data-element_type=\"column\">\n\t\t\t<div class=\"elementor-column-wrap\">\n\t\t\t\t\t\t\t<div class=\"elementor-widget-wrap\">\n\t\t\t\t\t\t\t\t<\/div>\n\t\t\t\t\t<\/div>\n\t\t<\/div>\n\t\t\t\t\t\t\t\t<\/div>\n\t\t\t\t\t<\/div>\n\t\t<\/section>\n\t\t\t\t\t\t<\/div>\n\t\t\t\t\t<\/div>\n\t\t<\/div>\n\t\t\t\t\t\t\t\t<\/div>\n\t\t\t\t\t<\/div>\n\t\t<\/section>\n\t\t\t\t<section class=\"elementor-section elementor-top-section elementor-element elementor-element-243bd4b elementor-section-boxed elementor-section-height-default elementor-section-height-default\" data-id=\"243bd4b\" data-element_type=\"section\">\n\t\t\t\t\t\t<div class=\"elementor-container elementor-column-gap-default\">\n\t\t\t\t\t\t\t<div class=\"elementor-row\">\n\t\t\t\t\t<div class=\"elementor-column elementor-col-100 elementor-top-column elementor-element elementor-element-748a4eb\" data-id=\"748a4eb\" data-element_type=\"column\">\n\t\t\t<div class=\"elementor-column-wrap elementor-element-populated\">\n\t\t\t\t\t\t\t<div class=\"elementor-widget-wrap\">\n\t\t\t\t\t\t<section class=\"elementor-section elementor-inner-section elementor-element elementor-element-1562f40 elementor-section-boxed elementor-section-height-default elementor-section-height-default\" data-id=\"1562f40\" data-element_type=\"section\">\n\t\t\t\t\t\t<div class=\"elementor-container elementor-column-gap-default\">\n\t\t\t\t\t\t\t<div class=\"elementor-row\">\n\t\t\t\t\t<div class=\"elementor-column elementor-col-100 elementor-inner-column elementor-element elementor-element-b6c8adb\" data-id=\"b6c8adb\" data-element_type=\"column\">\n\t\t\t<div class=\"elementor-column-wrap elementor-element-populated\">\n\t\t\t\t\t\t\t<div class=\"elementor-widget-wrap\">\n\t\t\t\t\t\t<div class=\"elementor-element elementor-element-ff7ba55 stratum-masonry-gallery-effect-zoom stratum-masonry-gallery-effect-no elementor-widget elementor-widget-stratum-masonry-gallery\" data-id=\"ff7ba55\" data-element_type=\"widget\" data-widget_type=\"stratum-masonry-gallery.default\">\n\t\t\t\t<div class=\"elementor-widget-container\">\n\t\t\t<div class='stratum-masonry-gallery masonry-grid effect-2' data-options='{\"columns\":3,\"gutter\":2,\"animate\":false}'><div class='grid-sizer masonry-col-3'><\/div><div class='stratum-masonry-gallery__item masonry-item'><a data-elementor-open-lightbox='default' data-elementor-lightbox-slideshow='gallery-69f181780bbe8' href='http:\/\/faqfestival.com.ar\/wp-content\/uploads\/2021\/02\/4-Leandro-Allochis-Crucifixion-1-1.jpg' class='stratum-masonry-gallery__link'><div class='stratum-masonry-gallery__image'><img class='wp-image-1536' src='http:\/\/faqfestival.com.ar\/2020\/wp-content\/uploads\/2021\/02\/4-Leandro-Allochis-Crucifixion-1-1.jpg' srcset='http:\/\/faqfestival.com.ar\/2020\/wp-content\/uploads\/2021\/02\/4-Leandro-Allochis-Crucifixion-1-1.jpg 1401w, http:\/\/faqfestival.com.ar\/2020\/wp-content\/uploads\/2021\/02\/4-Leandro-Allochis-Crucifixion-1-1-300x300.jpg 300w, http:\/\/faqfestival.com.ar\/2020\/wp-content\/uploads\/2021\/02\/4-Leandro-Allochis-Crucifixion-1-1-1024x1024.jpg 1024w, http:\/\/faqfestival.com.ar\/2020\/wp-content\/uploads\/2021\/02\/4-Leandro-Allochis-Crucifixion-1-1-150x150.jpg 150w, http:\/\/faqfestival.com.ar\/2020\/wp-content\/uploads\/2021\/02\/4-Leandro-Allochis-Crucifixion-1-1-768x767.jpg 768w'><\/div><div class='stratum-masonry-gallery__overlay'><\/div><\/a><\/div><div class='stratum-masonry-gallery__item masonry-item'><a data-elementor-open-lightbox='default' data-elementor-lightbox-slideshow='gallery-69f181780bbe8' href='http:\/\/faqfestival.com.ar\/wp-content\/uploads\/2021\/02\/5-Agostina-Valle-Saggio-Leandra-1.jpg' class='stratum-masonry-gallery__link'><div class='stratum-masonry-gallery__image'><img class='wp-image-1539' src='http:\/\/faqfestival.com.ar\/2020\/wp-content\/uploads\/2021\/02\/5-Agostina-Valle-Saggio-Leandra-1.jpg' srcset='http:\/\/faqfestival.com.ar\/2020\/wp-content\/uploads\/2021\/02\/5-Agostina-Valle-Saggio-Leandra-1.jpg 1050w, http:\/\/faqfestival.com.ar\/2020\/wp-content\/uploads\/2021\/02\/5-Agostina-Valle-Saggio-Leandra-1-300x207.jpg 300w, http:\/\/faqfestival.com.ar\/2020\/wp-content\/uploads\/2021\/02\/5-Agostina-Valle-Saggio-Leandra-1-1024x705.jpg 1024w, http:\/\/faqfestival.com.ar\/2020\/wp-content\/uploads\/2021\/02\/5-Agostina-Valle-Saggio-Leandra-1-768x529.jpg 768w'><\/div><div class='stratum-masonry-gallery__overlay'><\/div><\/a><\/div><div class='stratum-masonry-gallery__item masonry-item'><a data-elementor-open-lightbox='default' data-elementor-lightbox-slideshow='gallery-69f181780bbe8' href='http:\/\/faqfestival.com.ar\/wp-content\/uploads\/2021\/02\/6-Wo-Portillo-del-Rayo-S_T.jpg' class='stratum-masonry-gallery__link'><div class='stratum-masonry-gallery__image'><img class='wp-image-1528' src='http:\/\/faqfestival.com.ar\/2020\/wp-content\/uploads\/2021\/02\/6-Wo-Portillo-del-Rayo-S_T.jpg' srcset='http:\/\/faqfestival.com.ar\/2020\/wp-content\/uploads\/2021\/02\/6-Wo-Portillo-del-Rayo-S_T.jpg 636w, http:\/\/faqfestival.com.ar\/2020\/wp-content\/uploads\/2021\/02\/6-Wo-Portillo-del-Rayo-S_T-199x300.jpg 199w'><\/div><div class='stratum-masonry-gallery__overlay'><\/div><\/a><\/div><div class='stratum-masonry-gallery__item masonry-item'><a data-elementor-open-lightbox='default' data-elementor-lightbox-slideshow='gallery-69f181780bbe8' href='http:\/\/faqfestival.com.ar\/wp-content\/uploads\/2021\/02\/7-Vicky-Nieva-El-Nacimiento-de-La-Nereida.jpg' class='stratum-masonry-gallery__link'><div class='stratum-masonry-gallery__image'><img class='wp-image-1529' src='http:\/\/faqfestival.com.ar\/2020\/wp-content\/uploads\/2021\/02\/7-Vicky-Nieva-El-Nacimiento-de-La-Nereida.jpg' srcset='http:\/\/faqfestival.com.ar\/2020\/wp-content\/uploads\/2021\/02\/7-Vicky-Nieva-El-Nacimiento-de-La-Nereida.jpg 1400w, http:\/\/faqfestival.com.ar\/2020\/wp-content\/uploads\/2021\/02\/7-Vicky-Nieva-El-Nacimiento-de-La-Nereida-300x168.jpg 300w, http:\/\/faqfestival.com.ar\/2020\/wp-content\/uploads\/2021\/02\/7-Vicky-Nieva-El-Nacimiento-de-La-Nereida-1024x575.jpg 1024w, http:\/\/faqfestival.com.ar\/2020\/wp-content\/uploads\/2021\/02\/7-Vicky-Nieva-El-Nacimiento-de-La-Nereida-768x431.jpg 768w'><\/div><div class='stratum-masonry-gallery__overlay'><\/div><\/a><\/div><div class='stratum-masonry-gallery__item masonry-item'><a data-elementor-open-lightbox='default' data-elementor-lightbox-slideshow='gallery-69f181780bbe8' href='http:\/\/faqfestival.com.ar\/wp-content\/uploads\/2021\/02\/9-Ana-Scheimberg-Sin-Titulo.jpg' class='stratum-masonry-gallery__link'><div class='stratum-masonry-gallery__image'><img class='wp-image-1531' src='http:\/\/faqfestival.com.ar\/2020\/wp-content\/uploads\/2021\/02\/9-Ana-Scheimberg-Sin-Titulo.jpg' srcset='http:\/\/faqfestival.com.ar\/2020\/wp-content\/uploads\/2021\/02\/9-Ana-Scheimberg-Sin-Titulo.jpg 844w, http:\/\/faqfestival.com.ar\/2020\/wp-content\/uploads\/2021\/02\/9-Ana-Scheimberg-Sin-Titulo-191x300.jpg 191w, http:\/\/faqfestival.com.ar\/2020\/wp-content\/uploads\/2021\/02\/9-Ana-Scheimberg-Sin-Titulo-651x1024.jpg 651w, http:\/\/faqfestival.com.ar\/2020\/wp-content\/uploads\/2021\/02\/9-Ana-Scheimberg-Sin-Titulo-768x1208.jpg 768w'><\/div><div class='stratum-masonry-gallery__overlay'><\/div><\/a><\/div><div class='stratum-masonry-gallery__item masonry-item'><a data-elementor-open-lightbox='default' data-elementor-lightbox-slideshow='gallery-69f181780bbe8' href='http:\/\/faqfestival.com.ar\/wp-content\/uploads\/2021\/02\/8-Jonathan-Alonso-Resiliencia.jpg' class='stratum-masonry-gallery__link'><div class='stratum-masonry-gallery__image'><img class='wp-image-1530' src='http:\/\/faqfestival.com.ar\/2020\/wp-content\/uploads\/2021\/02\/8-Jonathan-Alonso-Resiliencia.jpg' srcset='http:\/\/faqfestival.com.ar\/2020\/wp-content\/uploads\/2021\/02\/8-Jonathan-Alonso-Resiliencia.jpg 1171w, http:\/\/faqfestival.com.ar\/2020\/wp-content\/uploads\/2021\/02\/8-Jonathan-Alonso-Resiliencia-300x206.jpg 300w, http:\/\/faqfestival.com.ar\/2020\/wp-content\/uploads\/2021\/02\/8-Jonathan-Alonso-Resiliencia-1024x702.jpg 1024w, http:\/\/faqfestival.com.ar\/2020\/wp-content\/uploads\/2021\/02\/8-Jonathan-Alonso-Resiliencia-768x527.jpg 768w'><\/div><div class='stratum-masonry-gallery__overlay'><\/div><\/a><\/div><div class='stratum-masonry-gallery__item masonry-item'><a data-elementor-open-lightbox='default' data-elementor-lightbox-slideshow='gallery-69f181780bbe8' href='http:\/\/faqfestival.com.ar\/wp-content\/uploads\/2021\/02\/Martin-Escudero-Ro-Martin-1-scaled.jpg' class='stratum-masonry-gallery__link'><div class='stratum-masonry-gallery__image'><img class='wp-image-1554' src='http:\/\/faqfestival.com.ar\/2020\/wp-content\/uploads\/2021\/02\/Martin-Escudero-Ro-Martin-1-scaled.jpg' srcset='http:\/\/faqfestival.com.ar\/2020\/wp-content\/uploads\/2021\/02\/Martin-Escudero-Ro-Martin-1-scaled.jpg 2560w, http:\/\/faqfestival.com.ar\/2020\/wp-content\/uploads\/2021\/02\/Martin-Escudero-Ro-Martin-1-300x285.jpg 300w, http:\/\/faqfestival.com.ar\/2020\/wp-content\/uploads\/2021\/02\/Martin-Escudero-Ro-Martin-1-1024x973.jpg 1024w, http:\/\/faqfestival.com.ar\/2020\/wp-content\/uploads\/2021\/02\/Martin-Escudero-Ro-Martin-1-768x730.jpg 768w, http:\/\/faqfestival.com.ar\/2020\/wp-content\/uploads\/2021\/02\/Martin-Escudero-Ro-Martin-1-1536x1459.jpg 1536w, http:\/\/faqfestival.com.ar\/2020\/wp-content\/uploads\/2021\/02\/Martin-Escudero-Ro-Martin-1-2048x1946.jpg 2048w'><\/div><div class='stratum-masonry-gallery__overlay'><\/div><\/a><\/div><\/div>\t\t<\/div>\n\t\t\t\t<\/div>\n\t\t\t\t\t\t<\/div>\n\t\t\t\t\t<\/div>\n\t\t<\/div>\n\t\t\t\t\t\t\t\t<\/div>\n\t\t\t\t\t<\/div>\n\t\t<\/section>\n\t\t\t\t\t\t<\/div>\n\t\t\t\t\t<\/div>\n\t\t<\/div>\n\t\t\t\t\t\t\t\t<\/div>\n\t\t\t\t\t<\/div>\n\t\t<\/section>\n\t\t\t\t<section class=\"elementor-section elementor-top-section elementor-element elementor-element-f909857 elementor-section-boxed elementor-section-height-default elementor-section-height-default\" data-id=\"f909857\" data-element_type=\"section\">\n\t\t\t\t\t\t<div class=\"elementor-container elementor-column-gap-default\">\n\t\t\t\t\t\t\t<div class=\"elementor-row\">\n\t\t\t\t\t<div class=\"elementor-column elementor-col-100 elementor-top-column elementor-element elementor-element-c67c80d\" data-id=\"c67c80d\" data-element_type=\"column\">\n\t\t\t<div class=\"elementor-column-wrap elementor-element-populated\">\n\t\t\t\t\t\t\t<div class=\"elementor-widget-wrap\">\n\t\t\t\t\t\t<section class=\"elementor-section elementor-inner-section elementor-element elementor-element-4c81149 elementor-section-boxed elementor-section-height-default elementor-section-height-default\" data-id=\"4c81149\" data-element_type=\"section\">\n\t\t\t\t\t\t<div class=\"elementor-container elementor-column-gap-default\">\n\t\t\t\t\t\t\t<div class=\"elementor-row\">\n\t\t\t\t\t<div class=\"elementor-column elementor-col-100 elementor-inner-column elementor-element elementor-element-e92d204\" data-id=\"e92d204\" data-element_type=\"column\">\n\t\t\t<div class=\"elementor-column-wrap elementor-element-populated\">\n\t\t\t\t\t\t\t<div class=\"elementor-widget-wrap\">\n\t\t\t\t\t\t<div class=\"elementor-element elementor-element-c78dfb8 elementor-widget elementor-widget-text-editor\" data-id=\"c78dfb8\" data-element_type=\"widget\" data-widget_type=\"text-editor.default\">\n\t\t\t\t<div class=\"elementor-widget-container\">\n\t\t\t\t\t<div class=\"elementor-text-editor elementor-clearfix\"><h3 class=\"fantasia\">Tema y objetivo:<\/h3>\nEl Concurso es una iniciativa que tiene como objetivo generar conciencia y conocimiento sobre la diversidad sexual e identidad de g\u00e9nero, promoviendo el amor, la diversidad y el respeto, tomando el arte y sus manifestaciones como activismo, capaz de promover una sociedad m\u00e1s justa e igualitaria\n<\/div>\n\t\t\t\t<\/div>\n\t\t\t\t<\/div>\n\t\t\t\t<div class=\"elementor-element elementor-element-421c4a4 elementor-widget elementor-widget-text-editor\" data-id=\"421c4a4\" data-element_type=\"widget\" data-widget_type=\"text-editor.default\">\n\t\t\t\t<div class=\"elementor-widget-container\">\n\t\t\t\t\t<div class=\"elementor-text-editor elementor-clearfix\"> \n<h3 class=\"fantasia\">Participantes y presentaci\u00f3n:<\/h3>\nLa participaci\u00f3n en este concurso es gratuita. Podr\u00e1n participar en el Concurso, las personas mayores de 18 a\u00f1os con domicilio en la Rep\u00fablica Argentina\nSe podr\u00e1 presentar una (1) obra por participante.\nLas fotograf\u00edas deber\u00e1n ser in\u00e9ditas. No se admitir\u00e1n aquellas que hayan sido utilizadas en el pasado con fines comerciales, que hayan sido publicadas en diarios, libros, revistas o cualquier otra publicaci\u00f3n gr\u00e1fica, o que hayan sido premiadas. Ser\u00e1n admitidos en el concurso, sin embargo, los trabajos que hubiesen sido publicados \u00fanicamente en las redes sociales de quien se postula (Facebook, Instagram, Pinterest, Twitter, blog personal, o an\u00e1logas).\n <\/div>\n\t\t\t\t<\/div>\n\t\t\t\t<\/div>\n\t\t\t\t<div class=\"elementor-element elementor-element-8845e78 elementor-widget elementor-widget-text-editor\" data-id=\"8845e78\" data-element_type=\"widget\" data-widget_type=\"text-editor.default\">\n\t\t\t\t<div class=\"elementor-widget-container\">\n\t\t\t\t\t<div class=\"elementor-text-editor elementor-clearfix\"><h3 class=\"fantasia\">Cronograma:<\/h3><p>Recepci\u00f3n de propuestas: del 04 al 18 de enero de 2021.<\/p><\/div>\n\t\t\t\t<\/div>\n\t\t\t\t<\/div>\n\t\t\t\t<div class=\"elementor-element elementor-element-fa6f43a elementor-widget elementor-widget-text-editor\" data-id=\"fa6f43a\" data-element_type=\"widget\" data-widget_type=\"text-editor.default\">\n\t\t\t\t<div class=\"elementor-widget-container\">\n\t\t\t\t\t<div class=\"elementor-text-editor elementor-clearfix\"><h3 class=\"fantasia\">Jurado:<\/h3><p>El jurado har\u00e1 una preselecci\u00f3n de 10 fotograf\u00edas de las cuales TRES (3) resultar\u00e1n premiadas.<br \/>La selecci\u00f3n de los mejores trabajos estar\u00e1 a cargo de un Jurado integrado por <strong>Sebasti\u00e1n Freire, Cecilia Estalles y Kenny Lemes.<\/strong><\/p><\/div>\n\t\t\t\t<\/div>\n\t\t\t\t<\/div>\n\t\t\t\t<div class=\"elementor-element elementor-element-03d9a29 elementor-widget elementor-widget-text-editor\" data-id=\"03d9a29\" data-element_type=\"widget\" data-widget_type=\"text-editor.default\">\n\t\t\t\t<div class=\"elementor-widget-container\">\n\t\t\t\t\t<div class=\"elementor-text-editor elementor-clearfix\"><h3 class=\"fantasia\">Premios:<\/h3>\nLos premios consistir\u00e1n en el pago de la suma de PESOS VEINTE MIL ($ 20.000) para cada uno de los TRES (3) mejores trabajos.<\/div>\n\t\t\t\t<\/div>\n\t\t\t\t<\/div>\n\t\t\t\t<div class=\"elementor-element elementor-element-0613f27 elementor-widget elementor-widget-text-editor\" data-id=\"0613f27\" data-element_type=\"widget\" data-widget_type=\"text-editor.default\">\n\t\t\t\t<div class=\"elementor-widget-container\">\n\t\t\t\t\t<div class=\"elementor-text-editor elementor-clearfix\"><h3 class=\"fantasia\">Muestra:<\/h3><p>Al finalizar el concurso se organizar\u00e1 una actividad presencial donde se exhibir\u00e1n las 10 fotograf\u00edas preseleccionadas por el jurado.<\/p><\/div>\n\t\t\t\t<\/div>\n\t\t\t\t<\/div>\n\t\t\t\t\t\t<\/div>\n\t\t\t\t\t<\/div>\n\t\t<\/div>\n\t\t\t\t\t\t\t\t<\/div>\n\t\t\t\t\t<\/div>\n\t\t<\/section>\n\t\t\t\t<div class=\"elementor-element elementor-element-73bfa39 elementor-widget-divider--view-line elementor-widget elementor-widget-divider\" data-id=\"73bfa39\" data-element_type=\"widget\" data-widget_type=\"divider.default\">\n\t\t\t\t<div class=\"elementor-widget-container\">\n\t\t\t\t\t<div class=\"elementor-divider\">\n\t\t\t<span class=\"elementor-divider-separator\">\n\t\t\t\t\t\t<\/span>\n\t\t<\/div>\n\t\t\t\t<\/div>\n\t\t\t\t<\/div>\n\t\t\t\t\t\t<\/div>\n\t\t\t\t\t<\/div>\n\t\t<\/div>\n\t\t\t\t\t\t\t\t<\/div>\n\t\t\t\t\t<\/div>\n\t\t<\/section>\n\t\t\t\t<section class=\"elementor-section elementor-top-section elementor-element elementor-element-a41720b elementor-section-boxed elementor-section-height-default elementor-section-height-default\" data-id=\"a41720b\" data-element_type=\"section\">\n\t\t\t\t\t\t<div class=\"elementor-container elementor-column-gap-default\">\n\t\t\t\t\t\t\t<div class=\"elementor-row\">\n\t\t\t\t\t<div class=\"elementor-column elementor-col-100 elementor-top-column elementor-element elementor-element-35a6707\" data-id=\"35a6707\" data-element_type=\"column\">\n\t\t\t<div class=\"elementor-column-wrap elementor-element-populated\">\n\t\t\t\t\t\t\t<div class=\"elementor-widget-wrap\">\n\t\t\t\t\t\t<section class=\"elementor-section elementor-inner-section elementor-element elementor-element-e3057ce elementor-section-boxed elementor-section-height-default elementor-section-height-default\" data-id=\"e3057ce\" data-element_type=\"section\">\n\t\t\t\t\t\t<div class=\"elementor-container elementor-column-gap-default\">\n\t\t\t\t\t\t\t<div class=\"elementor-row\">\n\t\t\t\t\t<div class=\"elementor-column elementor-col-50 elementor-inner-column elementor-element elementor-element-516f764\" data-id=\"516f764\" data-element_type=\"column\">\n\t\t\t<div class=\"elementor-column-wrap elementor-element-populated\">\n\t\t\t\t\t\t\t<div class=\"elementor-widget-wrap\">\n\t\t\t\t\t\t<div class=\"elementor-element elementor-element-8ba3e15 elementor-widget elementor-widget-text-editor\" data-id=\"8ba3e15\" data-element_type=\"widget\" data-widget_type=\"text-editor.default\">\n\t\t\t\t<div class=\"elementor-widget-container\">\n\t\t\t\t\t<div class=\"elementor-text-editor elementor-clearfix\"><p><b>Organizador:<\/b><\/p><\/div>\n\t\t\t\t<\/div>\n\t\t\t\t<\/div>\n\t\t\t\t<div class=\"elementor-element elementor-element-63360c4 elementor-widget elementor-widget-image\" data-id=\"63360c4\" data-element_type=\"widget\" data-widget_type=\"image.default\">\n\t\t\t\t<div class=\"elementor-widget-container\">\n\t\t\t\t\t<div class=\"elementor-image\">\n\t\t\t\t\t\t\t\t\t\t<img width=\"291\" height=\"88\" src=\"http:\/\/faqfestival.com.ar\/2020\/wp-content\/uploads\/2020\/11\/logo-brandon-ong.png\" class=\"attachment-full size-full\" alt=\"\" loading=\"lazy\" \/>\t\t\t\t\t\t\t\t\t\t\t<\/div>\n\t\t\t\t<\/div>\n\t\t\t\t<\/div>\n\t\t\t\t<div class=\"elementor-element elementor-element-e6003d4 elementor-widget elementor-widget-text-editor\" data-id=\"e6003d4\" data-element_type=\"widget\" data-widget_type=\"text-editor.default\">\n\t\t\t\t<div class=\"elementor-widget-container\">\n\t\t\t\t\t<div class=\"elementor-text-editor elementor-clearfix\">Brandon por la Igualdad\/Equidad de Derechos y<br> Oportunidades Asociaci\u00f3n Civil y Cultural<\/div>\n\t\t\t\t<\/div>\n\t\t\t\t<\/div>\n\t\t\t\t\t\t<\/div>\n\t\t\t\t\t<\/div>\n\t\t<\/div>\n\t\t\t\t<div class=\"elementor-column elementor-col-50 elementor-inner-column elementor-element elementor-element-917d608\" data-id=\"917d608\" data-element_type=\"column\">\n\t\t\t<div class=\"elementor-column-wrap elementor-element-populated\">\n\t\t\t\t\t\t\t<div class=\"elementor-widget-wrap\">\n\t\t\t\t\t\t<div class=\"elementor-element elementor-element-2794d4f elementor-widget elementor-widget-text-editor\" data-id=\"2794d4f\" data-element_type=\"widget\" data-widget_type=\"text-editor.default\">\n\t\t\t\t<div class=\"elementor-widget-container\">\n\t\t\t\t\t<div class=\"elementor-text-editor elementor-clearfix\"><p><b>Auspiciante:<\/b><\/p><\/div>\n\t\t\t\t<\/div>\n\t\t\t\t<\/div>\n\t\t\t\t<div class=\"elementor-element elementor-element-239039d elementor-widget elementor-widget-image\" data-id=\"239039d\" data-element_type=\"widget\" data-widget_type=\"image.default\">\n\t\t\t\t<div class=\"elementor-widget-container\">\n\t\t\t\t\t<div class=\"elementor-image\">\n\t\t\t\t\t\t\t\t\t\t<img width=\"238\" height=\"90\" src=\"http:\/\/faqfestival.com.ar\/2020\/wp-content\/uploads\/2021\/01\/quilmes.png\" class=\"attachment-full size-full\" alt=\"\" loading=\"lazy\" \/>\t\t\t\t\t\t\t\t\t\t\t<\/div>\n\t\t\t\t<\/div>\n\t\t\t\t<\/div>\n\t\t\t\t<div class=\"elementor-element elementor-element-b7026d2 elementor-widget elementor-widget-text-editor\" data-id=\"b7026d2\" data-element_type=\"widget\" data-widget_type=\"text-editor.default\">\n\t\t\t\t<div class=\"elementor-widget-container\">\n\t\t\t\t\t<div class=\"elementor-text-editor elementor-clearfix\">Cervecer\u00eda y Malter\u00eda Quilmes, S.A.I.C.A. y G<\/div>\n\t\t\t\t<\/div>\n\t\t\t\t<\/div>\n\t\t\t\t\t\t<\/div>\n\t\t\t\t\t<\/div>\n\t\t<\/div>\n\t\t\t\t\t\t\t\t<\/div>\n\t\t\t\t\t<\/div>\n\t\t<\/section>\n\t\t\t\t\t\t<\/div>\n\t\t\t\t\t<\/div>\n\t\t<\/div>\n\t\t\t\t\t\t\t\t<\/div>\n\t\t\t\t\t<\/div>\n\t\t<\/section>\n\t\t\t\t<section class=\"elementor-section elementor-top-section elementor-element elementor-element-2137a0a elementor-section-boxed elementor-section-height-default elementor-section-height-default\" data-id=\"2137a0a\" data-element_type=\"section\">\n\t\t\t\t\t\t<div class=\"elementor-container elementor-column-gap-default\">\n\t\t\t\t\t\t\t<div class=\"elementor-row\">\n\t\t\t\t\t<div class=\"elementor-column elementor-col-100 elementor-top-column elementor-element elementor-element-1d3d47f\" data-id=\"1d3d47f\" data-element_type=\"column\">\n\t\t\t<div class=\"elementor-column-wrap elementor-element-populated\">\n\t\t\t\t\t\t\t<div class=\"elementor-widget-wrap\">\n\t\t\t\t\t\t<div class=\"elementor-element elementor-element-14d971d elementor-widget-divider--view-line elementor-widget elementor-widget-divider\" data-id=\"14d971d\" data-element_type=\"widget\" data-widget_type=\"divider.default\">\n\t\t\t\t<div class=\"elementor-widget-container\">\n\t\t\t\t\t<div class=\"elementor-divider\">\n\t\t\t<span class=\"elementor-divider-separator\">\n\t\t\t\t\t\t<\/span>\n\t\t<\/div>\n\t\t\t\t<\/div>\n\t\t\t\t<\/div>\n\t\t\t\t<div class=\"elementor-element elementor-element-b15a4b8 fantasia elementor-widget elementor-widget-heading\" data-id=\"b15a4b8\" data-element_type=\"widget\" data-widget_type=\"heading.default\">\n\t\t\t\t<div class=\"elementor-widget-container\">\n\t\t\t<h2 class=\"elementor-heading-title elementor-size-default\">Jurades<\/h2>\t\t<\/div>\n\t\t\t\t<\/div>\n\t\t\t\t<section class=\"elementor-section elementor-inner-section elementor-element elementor-element-ebc67fa elementor-section-boxed elementor-section-height-default elementor-section-height-default\" data-id=\"ebc67fa\" data-element_type=\"section\">\n\t\t\t\t\t\t<div class=\"elementor-container elementor-column-gap-default\">\n\t\t\t\t\t\t\t<div class=\"elementor-row\">\n\t\t\t\t\t<div class=\"elementor-column elementor-col-33 elementor-inner-column elementor-element elementor-element-3e1b5a9\" data-id=\"3e1b5a9\" data-element_type=\"column\">\n\t\t\t<div class=\"elementor-column-wrap elementor-element-populated\">\n\t\t\t\t\t\t\t<div class=\"elementor-widget-wrap\">\n\t\t\t\t\t\t<div class=\"elementor-element elementor-element-b7bc23b elementor-widget elementor-widget-image\" data-id=\"b7bc23b\" data-element_type=\"widget\" data-widget_type=\"image.default\">\n\t\t\t\t<div class=\"elementor-widget-container\">\n\t\t\t\t\t<div class=\"elementor-image\">\n\t\t\t\t\t\t\t\t\t\t<img width=\"750\" height=\"750\" src=\"http:\/\/faqfestival.com.ar\/2020\/wp-content\/uploads\/2020\/12\/estalles.jpg\" class=\"attachment-large size-large\" alt=\"\" loading=\"lazy\" srcset=\"http:\/\/faqfestival.com.ar\/2020\/wp-content\/uploads\/2020\/12\/estalles.jpg 750w, http:\/\/faqfestival.com.ar\/2020\/wp-content\/uploads\/2020\/12\/estalles-300x300.jpg 300w, http:\/\/faqfestival.com.ar\/2020\/wp-content\/uploads\/2020\/12\/estalles-150x150.jpg 150w\" sizes=\"(max-width: 750px) 100vw, 750px\" \/>\t\t\t\t\t\t\t\t\t\t\t<\/div>\n\t\t\t\t<\/div>\n\t\t\t\t<\/div>\n\t\t\t\t<div class=\"elementor-element elementor-element-59b8910 elementor-widget elementor-widget-text-editor\" data-id=\"59b8910\" data-element_type=\"widget\" data-widget_type=\"text-editor.default\">\n\t\t\t\t<div class=\"elementor-widget-container\">\n\t\t\t\t\t<div class=\"elementor-text-editor elementor-clearfix\"><h4 class=\"fantasia\">Cecilia Estalles<\/h4><p>Activista visual, integrante del Archivo de la Memoria Trans.<\/p><div>Trabaj\u00f3 en fundaci\u00f3n\u00a0<a href=\"http:\/\/www.ph15.org.ar\/\" target=\"_blank\" rel=\"noopener\" data-saferedirecturl=\"https:\/\/www.google.com\/url?q=http:\/\/www.ph15.org.ar\/&amp;source=gmail&amp;ust=1609688197715000&amp;usg=AFQjCNHnZXczDZwfBqwpFj3j9WGDssIHBw\">PH15<\/a>. como laboratorista y docente. En paralelo continu\u00f3 estudios de fotograf\u00eda con artistas como: Alberto Goldenstein, Augusto Zanela, Fabiana Barreda y Julieta Escard\u00f3. Es co-fundadora de\u00a0<a href=\"http:\/\/somosmafia.com.ar\/\" target=\"_blank\" rel=\"noopener\" data-saferedirecturl=\"https:\/\/www.google.com\/url?q=http:\/\/somosmafia.com.ar\/&amp;source=gmail&amp;ust=1609688197715000&amp;usg=AFQjCNHB3Ydt1NRHJsxQjjVe0FOxnMifYg\">M.A.f.I.A.<\/a>\u00a0(Movimiento Argentino de Fotografxs Independientes Autoconvocadxs).<\/div><\/div>\n\t\t\t\t<\/div>\n\t\t\t\t<\/div>\n\t\t\t\t\t\t<\/div>\n\t\t\t\t\t<\/div>\n\t\t<\/div>\n\t\t\t\t<div class=\"elementor-column elementor-col-33 elementor-inner-column elementor-element elementor-element-f4d3220\" data-id=\"f4d3220\" data-element_type=\"column\">\n\t\t\t<div class=\"elementor-column-wrap elementor-element-populated\">\n\t\t\t\t\t\t\t<div class=\"elementor-widget-wrap\">\n\t\t\t\t\t\t<div class=\"elementor-element elementor-element-651c951 elementor-widget elementor-widget-image\" data-id=\"651c951\" data-element_type=\"widget\" data-widget_type=\"image.default\">\n\t\t\t\t<div class=\"elementor-widget-container\">\n\t\t\t\t\t<div class=\"elementor-image\">\n\t\t\t\t\t\t\t\t\t\t<img width=\"750\" height=\"750\" src=\"http:\/\/faqfestival.com.ar\/2020\/wp-content\/uploads\/2020\/12\/freire.jpg\" class=\"attachment-large size-large\" alt=\"\" loading=\"lazy\" srcset=\"http:\/\/faqfestival.com.ar\/2020\/wp-content\/uploads\/2020\/12\/freire.jpg 750w, http:\/\/faqfestival.com.ar\/2020\/wp-content\/uploads\/2020\/12\/freire-300x300.jpg 300w, http:\/\/faqfestival.com.ar\/2020\/wp-content\/uploads\/2020\/12\/freire-150x150.jpg 150w\" sizes=\"(max-width: 750px) 100vw, 750px\" \/>\t\t\t\t\t\t\t\t\t\t\t<\/div>\n\t\t\t\t<\/div>\n\t\t\t\t<\/div>\n\t\t\t\t<div class=\"elementor-element elementor-element-bce9011 elementor-widget elementor-widget-text-editor\" data-id=\"bce9011\" data-element_type=\"widget\" data-widget_type=\"text-editor.default\">\n\t\t\t\t<div class=\"elementor-widget-container\">\n\t\t\t\t\t<div class=\"elementor-text-editor elementor-clearfix\"><h4 class=\"fantasia\">Sebasti\u00e1n Freire<\/h4>\nNaci\u00f3 en Buenos Aires, en 1973. Estudi\u00f3 fotograf\u00eda y Ciencias de la Comunicaci\u00f3n en la Universidad de Buenos Aires. Trabaja como fot\u00f3grafo en el suplemento SOY y Las12 de P\u00e1gina\/12. Sus fotos han aparecido tambi\u00e9n en varios medios gr\u00e1ficos nacionales e internacionales. Ha realizado entre otras las siguientes muestras: \u201cDiario de un reciencasado\u201d (Buenos Aires: 2004), \u201cSebastiano, m\u00e1rtir\u201d (Buenos Aires: 2005; M\u00e9xico DF: 2005), \u201cTypen\u201d (Berl\u00edn: 2006; y Buenos Aires: 2007), \u201c9 reinas\u201d (Buenos Aires: 2008), \u201cRainbow\u201d (Buenos Aires: 2008), \u201cEscenas de la vida cotidiana\u201d (Buenos Aires: 2009), \u201cEl estilo soy yo\u201d (Ciudad de Panam\u00e1: 2009), \u201c\u00bfQu\u00e9 es un autor?\u201d (Buenos Aires: 2010), \u201cMilongas\u201d (Roma: 2010), \u201cFormas de vida\u201d (Buenos Aires: 2010), \u201cChicas, chicos, ciudad y deseo\u201d (Buenos Aires: 2011), \u201cCamp! Arte e diferen\u00e7a\u201d (Rio de Janeiro: 2013), \u201cArchivos del Goce\u201d (video performance, Buenos Aires: 2017). \u201cPlumas\u201d (Buenos Aires: 2019). En 2008 recibi\u00f3 el premio a Mejor videoarte en el Festival de cine IDEM (C\u00f3rdoba, Andaluc\u00eda), por el video Rainbow.  <\/div>\n\t\t\t\t<\/div>\n\t\t\t\t<\/div>\n\t\t\t\t\t\t<\/div>\n\t\t\t\t\t<\/div>\n\t\t<\/div>\n\t\t\t\t<div class=\"elementor-column elementor-col-33 elementor-inner-column elementor-element elementor-element-9dfe5ad\" data-id=\"9dfe5ad\" data-element_type=\"column\">\n\t\t\t<div class=\"elementor-column-wrap elementor-element-populated\">\n\t\t\t\t\t\t\t<div class=\"elementor-widget-wrap\">\n\t\t\t\t\t\t<div class=\"elementor-element elementor-element-13d8bfc elementor-widget elementor-widget-image\" data-id=\"13d8bfc\" data-element_type=\"widget\" data-widget_type=\"image.default\">\n\t\t\t\t<div class=\"elementor-widget-container\">\n\t\t\t\t\t<div class=\"elementor-image\">\n\t\t\t\t\t\t\t\t\t\t<img width=\"640\" height=\"640\" src=\"http:\/\/faqfestival.com.ar\/2020\/wp-content\/uploads\/2020\/12\/lemes.jpg\" class=\"attachment-large size-large\" alt=\"\" loading=\"lazy\" srcset=\"http:\/\/faqfestival.com.ar\/2020\/wp-content\/uploads\/2020\/12\/lemes.jpg 640w, http:\/\/faqfestival.com.ar\/2020\/wp-content\/uploads\/2020\/12\/lemes-300x300.jpg 300w, http:\/\/faqfestival.com.ar\/2020\/wp-content\/uploads\/2020\/12\/lemes-150x150.jpg 150w\" sizes=\"(max-width: 640px) 100vw, 640px\" \/>\t\t\t\t\t\t\t\t\t\t\t<\/div>\n\t\t\t\t<\/div>\n\t\t\t\t<\/div>\n\t\t\t\t<div class=\"elementor-element elementor-element-3a5156e elementor-widget elementor-widget-text-editor\" data-id=\"3a5156e\" data-element_type=\"widget\" data-widget_type=\"text-editor.default\">\n\t\t\t\t<div class=\"elementor-widget-container\">\n\t\t\t\t\t<div class=\"elementor-text-editor elementor-clearfix\"><h4 class=\"fantasia\">Kenny Lemes<\/h4>\nFot\u00f3grafo cubano, vive en Buenos Aires desde la ni\u00f1ez. Seleccionado Sal\u00f3n Nacional y Bienal de Arte Joven 2015. Menci\u00f3n Honor\u00edfica (en fotograf\u00eda) del premio a las artes visuales del Fondo Nacional de las Artes 2016. Seleccionado en el premio UADE y premio Federico Klemm 2017. Dos veces ganador de becas del Fondo Nacional de las Artes. Su trabajo atraviesa narrativas que ponen en discusi\u00f3n las ideas instaladas de Belleza y G\u00e9nero, visibilizando grupos sociales y minor\u00edas que se desarrollan lejos de las hegemon\u00edas.<\/div>\n\t\t\t\t<\/div>\n\t\t\t\t<\/div>\n\t\t\t\t\t\t<\/div>\n\t\t\t\t\t<\/div>\n\t\t<\/div>\n\t\t\t\t\t\t\t\t<\/div>\n\t\t\t\t\t<\/div>\n\t\t<\/section>\n\t\t\t\t\t\t<\/div>\n\t\t\t\t\t<\/div>\n\t\t<\/div>\n\t\t\t\t\t\t\t\t<\/div>\n\t\t\t\t\t<\/div>\n\t\t<\/section>\n\t\t\t\t\t\t<\/div>\n\t\t\t\t\t\t<\/div>\n\t\t\t\t\t<\/div>\n\t\t","protected":false},"excerpt":{"rendered":"<p>Concurso de fotograf\u00eda \u201cMUNDO QUEER\u201d sobre diversidad sexual e identidades de g\u00e9nero.\u200b INSCRIBITE AC\u00c1 Ver bases y condiciones GANADORES Mastectom\u00eda digitalCairo Elio Eimen y MajoDesir\u00e9e De Stefano RaquelEugenia Azar\u00a0 MENCIONES ESPECIALES Tema y objetivo: El Concurso es una iniciativa que tiene como objetivo generar conciencia y conocimiento sobre la diversidad sexual e identidad de g\u00e9nero, [&hellip;]<\/p>\n","protected":false},"author":1,"featured_media":0,"parent":0,"menu_order":0,"comment_status":"closed","ping_status":"closed","template":"","meta":[],"_links":{"self":[{"href":"http:\/\/faqfestival.com.ar\/2020\/wp-json\/wp\/v2\/pages\/1422"}],"collection":[{"href":"http:\/\/faqfestival.com.ar\/2020\/wp-json\/wp\/v2\/pages"}],"about":[{"href":"http:\/\/faqfestival.com.ar\/2020\/wp-json\/wp\/v2\/types\/page"}],"author":[{"embeddable":true,"href":"http:\/\/faqfestival.com.ar\/2020\/wp-json\/wp\/v2\/users\/1"}],"replies":[{"embeddable":true,"href":"http:\/\/faqfestival.com.ar\/2020\/wp-json\/wp\/v2\/comments?post=1422"}],"version-history":[{"count":94,"href":"http:\/\/faqfestival.com.ar\/2020\/wp-json\/wp\/v2\/pages\/1422\/revisions"}],"predecessor-version":[{"id":1571,"href":"http:\/\/faqfestival.com.ar\/2020\/wp-json\/wp\/v2\/pages\/1422\/revisions\/1571"}],"wp:attachment":[{"href":"http:\/\/faqfestival.com.ar\/2020\/wp-json\/wp\/v2\/media?parent=1422"}],"curies":[{"name":"wp","href":"https:\/\/api.w.org\/{rel}","templated":true}]}}